{"id":39,"date":"2016-01-01T17:20:38","date_gmt":"2016-01-01T16:20:38","guid":{"rendered":"http:\/\/lerch-prock.de\/?page_id=39"},"modified":"2016-01-02T16:30:56","modified_gmt":"2016-01-02T15:30:56","slug":"gudron-prock","status":"publish","type":"page","link":"https:\/\/lerch-prock.de\/?page_id=39","title":{"rendered":"Gudrun Prock"},"content":{"rendered":"<p>Gudrun Prock<\/p>\n<ul>\n<li>1990 \u2013 1993<br \/>\nAusbildung zur Steuerfachangestellten<\/li>\n<li>1993 \u2013 1998<br \/>\nStudium an der Fachhochschule Regensburg<br \/>\nAbschluss zum <strong>Diplom-Betriebswirtin (FH)<\/strong><\/li>\n<li>1998 \u2013 2009<br \/>\nAngestelltent\u00e4tigkeit in diversen Steuer- und Wirtschaftspr\u00fcfungskanzleien<\/li>\n<li>2005<br \/>\nFortbildung<br \/>\nBestellung zur <strong>Steuerberaterin<\/strong><\/li>\n<li>Seit 2005<br \/>\nSelbstst\u00e4ndige Steuerberaterin<\/li>\n<\/ul>\n<p><strong>Kontakt:<\/strong><br \/>\n\n<table id=\"tablepress-2\" class=\"tablepress tablepress-id-2\">\n<tbody>\n<tr class=\"row-1 odd\">\n\t<td class=\"column-1\"><img src=\"http:\/\/lerch-prock.de\/wp-content\/uploads\/2016\/01\/Telefon-e1451660880939.png\" alt=\"Telefon\" width=\"16\" height=\"16\" class=\"alignnone size-full wp-image-21\" \/><\/td><td class=\"column-2\">+49 941 6408 1678<\/td><td class=\"column-3\"><\/td>\n<\/tr>\n<tr class=\"row-2 even\">\n\t<td class=\"column-1\"><\/td><td class=\"column-2\"><\/td><td class=\"column-3\"><\/td>\n<\/tr>\n<tr class=\"row-3 odd\">\n\t<td class=\"column-1\"><img src=\"http:\/\/lerch-prock.de\/wp-content\/uploads\/2016\/01\/E-mail-e1451660941992.jpg\" alt=\"E-mail\" width=\"16\" height=\"16\" class=\"alignnone size-full wp-image-24\" \/><\/td><td class=\"column-2\"><a href=\"mailto:prock@lerch-prock.de\">prock@lerch-prock.de<\/a><\/td><td class=\"column-3\"><\/td>\n<\/tr>\n<tr class=\"row-4 even\">\n\t<td class=\"column-1\"><img src=\"http:\/\/lerch-prock.de\/wp-content\/uploads\/2016\/01\/vcard.png\" alt=\"vcard\" width=\"20\" height=\"15\" class=\"alignnone size-full wp-image-147\" \/><\/td><td class=\"column-2\"><a href=\"https:\/\/lerch-prock.de\/?media_dl=257\">Visitenkarte<\/a><\/td><td class=\"column-3\">Vcard<\/td>\n<\/tr>\n<\/tbody>\n<\/table>\n<!-- #tablepress-2 from cache -->\n","protected":false},"excerpt":{"rendered":"<p>Gudrun Prock 1990 \u2013 1993 Ausbildung zur Steuerfachangestellten 1993 \u2013 1998 Studium an der Fachhochschule Regensburg Abschluss zum Diplom-Betriebswirtin (FH) 1998 \u2013 2009 Angestelltent\u00e4tigkeit in diversen Steuer- und Wirtschaftspr\u00fcfungskanzleien 2005 Fortbildung Bestellung zur Steuerberaterin Seit 2005 Selbstst\u00e4ndige Steuerberaterin Kontakt:<\/p>\n","protected":false},"author":2,"featured_media":0,"parent":7,"menu_order":2,"comment_status":"closed","ping_status":"closed","template":"","meta":[],"_links":{"self":[{"href":"https:\/\/lerch-prock.de\/index.php?rest_route=\/wp\/v2\/pages\/39"}],"collection":[{"href":"https:\/\/lerch-prock.de\/index.php?rest_route=\/wp\/v2\/pages"}],"about":[{"href":"https:\/\/lerch-prock.de\/index.php?rest_route=\/wp\/v2\/types\/page"}],"author":[{"embeddable":true,"href":"https:\/\/lerch-prock.de\/index.php?rest_route=\/wp\/v2\/users\/2"}],"replies":[{"embeddable":true,"href":"https:\/\/lerch-prock.de\/index.php?rest_route=%2Fwp%2Fv2%2Fcomments&post=39"}],"version-history":[{"count":5,"href":"https:\/\/lerch-prock.de\/index.php?rest_route=\/wp\/v2\/pages\/39\/revisions"}],"predecessor-version":[{"id":206,"href":"https:\/\/lerch-prock.de\/index.php?rest_route=\/wp\/v2\/pages\/39\/revisions\/206"}],"up":[{"embeddable":true,"href":"https:\/\/lerch-prock.de\/index.php?rest_route=\/wp\/v2\/pages\/7"}],"wp:attachment":[{"href":"https:\/\/lerch-prock.de\/index.php?rest_route=%2Fwp%2Fv2%2Fmedia&parent=39"}],"curies":[{"name":"wp","href":"https:\/\/api.w.org\/{rel}","templated":true}]}}