{"id":319,"date":"2018-03-12T17:25:50","date_gmt":"2018-03-12T16:25:50","guid":{"rendered":"http:\/\/lerch-prock.de\/?page_id=319"},"modified":"2019-03-28T17:17:42","modified_gmt":"2019-03-28T16:17:42","slug":"datenschutzerklaerung","status":"publish","type":"page","link":"https:\/\/lerch-prock.de\/?page_id=319","title":{"rendered":"Datenschutzerkl\u00e4rung"},"content":{"rendered":"<h2><strong>Datenschutzerkl\u00e4rung (<a href=\"https:\/\/lerch-prock.de\/?media_dl=365\">Download<\/a>)<br \/>\n<\/strong><\/h2>\n<p>Datenschutz ist f\u00fcr uns ein sehr wichtiges Thema. Wir versichern Ihnen, dass wir Ihre Daten sch\u00fctzen. Zum Schutz Ihrer Daten installieren wir, bzw. unser Provider, regelm\u00e4\u00dfig Sicherheitsupdates an der eingesetzten Software. Die eingesetzte Software entspricht dem Stand der Technik.<\/p>\n<p><strong>Ihre Daten sind bei uns sicher!<\/strong><\/p>\n<p>Bei Ihrem Besuch auf unserer Webseite werden keine Daten von Ihnen gespeichert.<br \/>\nDiese Datenschutzerkl\u00e4rung gibt den Rechtsstand ab 25.05.2018 (<a href=\"https:\/\/dsgvo-gesetz.de\/\">DSGVO<\/a>) wider.<\/p>\n<hr \/>\n<p><strong>Inhalt<\/strong><br \/>\n1.\u00a0\u00a0\u00a0\u00a0 Information \u00fcber die Erhebung personenbezogener Daten und Kontaktdaten des Verantwortlichen.<br \/>\n1.1.\u00a0\u00a0\u00a0\u00a0 Verantwortlicher<br \/>\n1.2.\u00a0\u00a0\u00a0\u00a0 Datenschutzbeauftragter<br \/>\n1.3.\u00a0\u00a0\u00a0\u00a0 Verschl\u00fcsselung<\/p>\n<p>2.\u00a0\u00a0\u00a0\u00a0 Datenerfassung beim Besuch unserer Webseite<br \/>\n2.1.\u00a0\u00a0\u00a0\u00a0 Auftragsverarbeiter<\/p>\n<p>3.\u00a0\u00a0\u00a0\u00a0 Rechte des Betroffenen<br \/>\n3.1.\u00a0\u00a0\u00a0\u00a0 Ihre Rechte<br \/>\n3.1.1.\u00a0\u00a0\u00a0\u00a0 Auskunftsrecht gem\u00e4\u00df Art. 15 DSGVO<br \/>\n3.1.2.\u00a0\u00a0\u00a0\u00a0 Recht auf Berichtigung gem\u00e4\u00df Art. 16 DSGVO<br \/>\n3.1.3.\u00a0\u00a0\u00a0\u00a0 Recht auf L\u00f6schung gem\u00e4\u00df Art. 17 DSGVO<br \/>\n3.1.4.\u00a0\u00a0\u00a0\u00a0 Recht auf Einschr\u00e4nkung der Verarbeitung gem\u00e4\u00df Art. 18 DSGVO<br \/>\n3.1.5.\u00a0\u00a0\u00a0\u00a0 Recht auf Unterrichtung gem\u00e4\u00df Art. 19 DSGVO<br \/>\n3.1.6.\u00a0\u00a0\u00a0\u00a0 Recht auf Daten\u00fcbertragbarkeit gem\u00e4\u00df Art. 20 DSGVO<br \/>\n3.1.7.\u00a0\u00a0\u00a0\u00a0 Recht auf Widerruf erteilter Einwilligungen gem\u00e4\u00df Art. 7 Abs. 3 DSGVO<br \/>\n3.1.8.\u00a0\u00a0\u00a0\u00a0 Recht auf Beschwerde gem\u00e4\u00df Art. 77 DSGVO<br \/>\n3.2.\u00a0\u00a0\u00a0\u00a0 Widerspruchsrecht<\/p>\n<p>4.\u00a0\u00a0\u00a0\u00a0 Dauer der Speicherung personenbezogener Daten<\/p>\n<p>5.\u00a0\u00a0\u00a0\u00a0 Links zu anderen Websites<\/p>\n<hr \/>\n<h4><strong>1.\u00a0 Information \u00fcber die Erhebung personenbezogener Daten und Kontaktdaten des Verantwortlichen<\/strong><\/h4>\n<p>Im Folgenden informieren wir Sie \u00fcber den Umgang mit Ihren personenbezogenen Daten bei Nutzung unserer Webseite. Personenbezogene Daten sind hierbei alle Daten, mit denen Sie pers\u00f6nlich identifiziert werden k\u00f6nnen.<\/p>\n<h5><strong>1.1.\u00a0 Verantwortlicher<\/strong><\/h5>\n<p>Verantwortlicher f\u00fcr die Datenverarbeitung auf dieser Webseite, im Sinne der Datenschutz-Grundverordnung (DSGVO), sind:<\/p>\n<p><a href=\"mailto:lerch@lerch-prock.de\">Juliane Lerch <\/a>und <a href=\"mailto:prock@lerch-prock.de\">Gudrun Prock<\/a><br \/>\nHermann-K\u00f6hl-Str. 10<br \/>\n93049 Regensburg<br \/>\nTel.: \u00a0\u00a0\u00a0\u00a0\u00a0 0941- 6408 16 78<br \/>\nE-Mail:\u00a0 <a href=\"mailto:mail@lerch-prock.de\">mail@lerch-prock.de<\/a><\/p>\n<p>Der &#8211; f\u00fcr die Verarbeitung von personenbezogenen Daten &#8211; Verantwortliche ist diejenige Person, die allein oder gemeinsam mit anderen \u00fcber die Zwecke und Mittel der Verarbeitung von personenbezogenen Daten entscheidet.<\/p>\n<h5><strong>1.2.\u00a0 Datenschutzbeauftragter<\/strong><\/h5>\n<p>Der Verantwortliche hat keinen Datenschutzbeauftragten zu bestellen.<\/p>\n<h5><strong>1.3.\u00a0 Verschl\u00fcsselung<\/strong><\/h5>\n<p>Diese Webseite nutzt eine SSL- bzw. TLS-Verschl\u00fcsselung. Sie k\u00f6nnen eine verschl\u00fcsselte Verbindung an der Zeichenfolge \u201ehttps:\/\/\u201c im Eingabefeld Ihres Browsers erkennen.<\/p>\n<h4><strong>2.\u00a0 Datenerfassung beim Besuch unserer Webseite<\/strong><\/h4>\n<p>Bei der reinen informatorischen Nutzung unserer Webseite \u2013 ohne Registrierung und ohne \u00dcbermittlung anderweitiger Informationen an uns \u2013 erheben wir nur solche Daten, die Ihr Browser an unseren Server \u00fcbermittelt (sog. \u201eServer-Logfiles\u201c). Wenn Sie unsere Webseite aufrufen, erheben wir die folgenden Daten, die f\u00fcr uns technisch erforderlich sind, um Ihnen die Webseite anzuzeigen:<\/p>\n<ul>\n<li>Unsere besuchte Webseite<\/li>\n<li>Datum und Uhrzeit zum Zeitpunkt des Zugriffes<\/li>\n<li>Menge der gesendeten Daten in Byte<\/li>\n<li>Quelle\/Verweis, von welchem Sie auf die Webseite gelangten<\/li>\n<li>Verwendeter Browser<\/li>\n<li>Verwendetes Betriebssystem<\/li>\n<li>Verwendete IP-Adresse (ggf. in anonymisierter Form)<\/li>\n<\/ul>\n<p>Die Verarbeitung erfolgt gem\u00e4\u00df Art. 6 Abs. 1 lit. f DSGVO auf Basis unseres berechtigten Interesses an der Verbesserung der Stabilit\u00e4t und Funktionalit\u00e4t unserer Webseite. Eine Weitergabe oder anderweitige Verwendung der Daten findet nicht statt. Wir behalten uns allerdings vor, die Server-Logfiles nachtr\u00e4glich zu \u00fcberpr\u00fcfen, sollten konkrete Anhaltspunkte auf eine rechtswidrige Nutzung hinweisen.<\/p>\n<h5><strong>2.1.\u00a0 Auftragsverarbeiter<\/strong><\/h5>\n<p>Die von uns erhobenen personenbezogenen Daten werden im Rahmen der zur Verf\u00fcgungstellung durch den jeweiligen Steuerberatervertrag an <a href=\"https:\/\/www.datev.de\/web\/de\/m\/ueber-datev\/datenschutz\/\">DATEV eG <\/a>weitergegeben. Die Weitergabe der Daten erfolgt im Rahmen einer Auftragsverarbeitung; die Zusammenarbeit und die Datensicherheit sind mittels eines Auftragsverarbeitungs-Vertrages geregelt.<\/p>\n<h4><strong>3.\u00a0 Rechte des Betroffenen<\/strong><\/h4>\n<h5><strong>3.1.\u00a0 Ihre Rechte<\/strong><\/h5>\n<p>Das geltende Datenschutzrecht gew\u00e4hrt Ihnen gegen\u00fcber dem Verantwortlichen hinsichtlich der Verarbeitung Ihrer personenbezogenen Daten umfassende Betroffenenrechte (Auskunfts- und Interventionsrechte), \u00fcber die wir Sie nachstehend informieren.<\/p>\n<h6><strong>3.1.1.\u00a0 Auskunftsrecht gem\u00e4\u00df Art. 15 DSGVO<\/strong><\/h6>\n<p>Sie haben insbesondere ein Recht auf Auskunft \u00fcber<\/p>\n<ul>\n<li>Ihre von uns verarbeiteten personenbezogenen Daten,<\/li>\n<li>die Verarbeitungszwecke,<\/li>\n<li>die Kategorien der verarbeiteten personenbezogenen Daten,<\/li>\n<li>die Empf\u00e4nger oder Kategorien von Empf\u00e4ngern, gegen\u00fcber denen Ihre Daten offengelegt wurden oder werden,<\/li>\n<li>die geplante Speicherdauer bzw. die Kriterien f\u00fcr die Festlegung der Speicherdauer,<\/li>\n<li>das Bestehen eines Rechts auf Berichtigung, L\u00f6schung, Einschr\u00e4nkung der Verarbeitung, Widerspruch gegen die Verarbeitung,<\/li>\n<li>Beschwerde bei einer Aufsichtsbeh\u00f6rde,<\/li>\n<li>die Herkunft Ihrer Daten, wenn diese nicht durch uns bei Ihnen erhoben wurden,<\/li>\n<li>sowie Ihr Recht auf Unterrichtung, welche Garantien gem\u00e4\u00df Art. 46 DSGVO bei Weiterleitung Ihrer Daten in Drittl\u00e4nder bestehen.<\/li>\n<\/ul>\n<h6><strong>3.1.2.\u00a0 Recht auf Berichtigung gem\u00e4\u00df Art. 16 DSGVO<\/strong><\/h6>\n<p>Sie haben ein Recht auf unverz\u00fcgliche Berichtigung, Sie betreffender unrichtiger Daten und\/oder Vervollst\u00e4ndigung Ihrer bei uns gespeicherten unvollst\u00e4ndigen Daten.<\/p>\n<h6><strong>3.1.3.\u00a0 Recht auf L\u00f6schung gem\u00e4\u00df Art. 17 DSGVO<\/strong><\/h6>\n<p>Sie haben das Recht, die L\u00f6schung Ihrer personenbezogenen Daten bei Vorliegen der Voraussetzungen des Art. 17 Abs. 1 DSGVO zu verlangen. Dieses Recht besteht jedoch insbesondere dann nicht<\/p>\n<ul>\n<li>wenn die Verarbeitung zur Aus\u00fcbung des Rechts auf freie Meinungs\u00e4u\u00dferung und Information erforderlich ist,<\/li>\n<li>zur Erf\u00fcllung einer rechtlichen Verpflichtung erforderlich ist,<\/li>\n<li>aus Gr\u00fcnden des \u00f6ffentlichen Interesses erforderlich ist oder<\/li>\n<li>zur Geltendmachung, Aus\u00fcbung oder Verteidigung von Rechtsanspr\u00fcchen erforderlich ist.<\/li>\n<\/ul>\n<h6><strong>3.1.4.\u00a0 Recht auf Einschr\u00e4nkung der Verarbeitung gem\u00e4\u00df Art. 18 DSGVO<\/strong><\/h6>\n<p>Sie haben das Recht, die Einschr\u00e4nkung &#8211; solange die von Ihnen bestrittene Richtigkeit Ihrer Daten \u00fcberpr\u00fcft wird &#8211; der Verarbeitung Ihrer personenbezogenen Daten zu verlangen<\/p>\n<ul>\n<li>wenn Sie eine L\u00f6schung Ihrer Daten wegen unzul\u00e4ssiger Datenverarbeitung ablehnen und stattdessen die Einschr\u00e4nkung der Verarbeitung Ihrer Daten verlangen,<\/li>\n<li>wenn Sie Ihre Daten zur Geltendmachung, Aus\u00fcbung oder Verteidigung von Rechtsanspr\u00fcchen ben\u00f6tigen, nachdem wir diese Daten nach Zweckerreichung nicht mehr ben\u00f6tigen oder<\/li>\n<li>wenn Sie Widerspruch aus Gr\u00fcnden Ihrer besonderen Situation eingelegt haben, solange noch nicht feststeht, ob unsere berechtigten Gr\u00fcnde \u00fcberwiegen.<\/li>\n<\/ul>\n<h6><strong>3.1.5.\u00a0 Recht auf Unterrichtung gem\u00e4\u00df Art. 19 DSGVO<\/strong><\/h6>\n<p>Haben Sie das Recht auf Berichtigung, L\u00f6schung oder Einschr\u00e4nkung der Verarbeitung gegen\u00fcber dem Verantwortlichen geltend gemacht, ist dieser verpflichtet, allen Empf\u00e4ngern, denen die Sie betreffenden personenbezogenen Daten offengelegt wurden, diese Berichtigung oder L\u00f6schung der Daten oder Einschr\u00e4nkung der Verarbeitung mitzuteilen, es sei denn, dies erweist sich als unm\u00f6glich oder ist mit einem unverh\u00e4ltnism\u00e4\u00dfigen Aufwand verbunden. Ihnen steht das Recht zu, \u00fcber diese Empf\u00e4nger unterrichtet zu werden.<\/p>\n<h6><strong>3.1.6.\u00a0 Recht auf Daten\u00fcbertragbarkeit gem\u00e4\u00df Art. 20 DSGVO<\/strong><\/h6>\n<p>Sie haben das Recht, Ihre personenbezogenen Daten, die Sie uns bereitgestellt haben, in einem strukturierten, g\u00e4ngigen und maschinenlesebaren Format zu erhalten oder die \u00dcbermittlung an einen anderen Verantwortlichen zu verlangen, soweit dies technisch machbar ist.<\/p>\n<h6><strong>3.1.7.\u00a0 Recht auf Widerruf erteilter Einwilligungen gem\u00e4\u00df Art. 7 Abs. 3 DSGVO<\/strong><\/h6>\n<p>Sie haben das Recht, eine einmal erteilte Einwilligung in die Verarbeitung von Daten jederzeit mit Wirkung f\u00fcr die Zukunft zu widerrufen. Im Falle des Widerrufs werden wir die betroffenen Daten unverz\u00fcglich l\u00f6schen, sofern eine weitere Verarbeitung nicht auf eine Rechtsgrundlage zur einwilligungslosen Verarbeitung gest\u00fctzt werden kann. Durch den Widerruf der Einwilligung wird die Rechtm\u00e4\u00dfigkeit, der aufgrund der Einwilligung bis zum Widerruf erfolgten Verarbeitung nicht ber\u00fchrt.<\/p>\n<h5><strong>3.1.8.\u00a0 Recht auf Beschwerde gem\u00e4\u00df Art. 77 DSGVO<\/strong><\/h5>\n<p>Wenn Sie der Ansicht sind, dass die Verarbeitung der Sie betreffenden personenbezogenen Daten gegen die DSGVO verst\u00f6\u00dft, haben Sie &#8211; unbeschadet eines anderweitigen verwaltungsrechtlichen oder gerichtlichen Rechtsbehelfs &#8211; das Recht auf Beschwerde bei einer Aufsichtsbeh\u00f6rde, insbesondere in dem Mitgliedstaat Ihres Aufenthaltsortes, Ihres Arbeitsplatzes oder des Ortes des mutma\u00dflichen Versto\u00dfes.<\/p>\n<h5><strong>3.2.\u00a0 Widerspruchsrecht<\/strong><\/h5>\n<p>Wenn wir im Rahmen einer Interessenabw\u00e4gung ihre personenbezogenen Daten aufgrund unseres \u00fcberwiegenden berechtigten Interesses verarbeiten, haben Sie das jederzeitige Recht, aus Gr\u00fcnden, die sich aus Ihrer besonderen Situation ergeben, gegen diese Verarbeitung Widerspruch mit Wirkung f\u00fcr die Zukunft einzulegen.<\/p>\n<p>Machen Sie von Ihren Widerspruchrecht Gebrauch, beenden wir die Verarbeitung der betroffenen Daten. Eine Weiterverarbeitung bleibt aber vorbehalten, wenn wir<\/p>\n<ul>\n<li>zwingende schutzw\u00fcrdige Gr\u00fcnde f\u00fcr die Verarbeitung nachweisen k\u00f6nnen, die Ihre Grundrechte und Grundfreiheiten \u00fcberwiegen,<\/li>\n<li>oder wenn die Verarbeitung der Geltendmachung, Aus\u00fcbung oder Verteidigung vor Rechtsanspr\u00fcchen dient.<\/li>\n<\/ul>\n<h4><strong>4.\u00a0 Dauer der Speicherung personenbezogener Daten<\/strong><\/h4>\n<p>Die Dauer der Speicherung von personenbezogenen Daten bemisst sich anhand der jeweiligen gesetzlichen Aufbewahrungsfrist (z.B. handels- und steuerrechtliche Aufbewahrungsfristen). Nach Ablauf der Frist werden die entsprechenden Daten routinem\u00e4\u00dfig gel\u00f6scht, sofern sie nicht mehr zur Vertragserf\u00fcllung erforderlich sind und\/oder unsererseits kein berechtigtes Interesse an der Weiterspeicherung fortbesteht.<\/p>\n<h4><strong>5.\u00a0 Links zu anderen Webseiten<\/strong><\/h4>\n<p>Unser Online-Angebot enth\u00e4lt Links zu anderen Webseiten. Wir haben keinen Einfluss darauf, dass deren Betreiber die Datenschutzbestimmungen einhalten.<\/p>\n<p>Wir sind als Anbieter f\u00fcr eigene Inhalte nach den allgemeinen Gesetzen verantwortlich. Von diesen eigenen Inhalten sind unter Umst\u00e4nden Links auf, die von anderen Anbietern bereitgehaltenen Inhalte zu unterscheiden.<\/p>\n<p>F\u00fcr fremde Inhalte, die \u00fcber Links zur Nutzung bereitgestellt werden und besonders gekennzeichnet sind, \u00fcbernehmen wir keine Verantwortung und machen uns deren Inhalt nicht zu Eigen.<\/p>\n<p>F\u00fcr illegale, fehlerhafte oder unvollst\u00e4ndige Inhalte sowie f\u00fcr Sch\u00e4den, die durch die Nutzung oder Nichtnutzung der Informationen entstehen, haftet allein der Anbieter der Webseite, auf die verwiesen wurde.<\/p>\n<p>F\u00fcr fremde Hinweise ist die Redaktion nur dann verantwortlich, wenn sie von ihnen, das hei\u00dft auch von einem eventuellen rechtswidrigen bzw. strafbaren Inhalt, positive Kenntnis hat, und es technisch m\u00f6glich und zumutbar ist, deren Nutzung zu verhindern.<\/p>\n<p>&nbsp;<\/p>\n","protected":false},"excerpt":{"rendered":"<p>Datenschutzerkl\u00e4rung () Datenschutz ist f\u00fcr uns ein sehr wichtiges Thema. Wir versichern Ihnen, dass wir Ihre Daten sch\u00fctzen. Zum Schutz Ihrer Daten installieren wir, bzw. unser Provider, regelm\u00e4\u00dfig Sicherheitsupdates an der eingesetzten Software. Die eingesetzte Software entspricht dem Stand der&hellip;<\/p>\n","protected":false},"author":2,"featured_media":0,"parent":2,"menu_order":3,"comment_status":"closed","ping_status":"closed","template":"","meta":[],"_links":{"self":[{"href":"https:\/\/lerch-prock.de\/index.php?rest_route=\/wp\/v2\/pages\/319"}],"collection":[{"href":"https:\/\/lerch-prock.de\/index.php?rest_route=\/wp\/v2\/pages"}],"about":[{"href":"https:\/\/lerch-prock.de\/index.php?rest_route=\/wp\/v2\/types\/page"}],"author":[{"embeddable":true,"href":"https:\/\/lerch-prock.de\/index.php?rest_route=\/wp\/v2\/users\/2"}],"replies":[{"embeddable":true,"href":"https:\/\/lerch-prock.de\/index.php?rest_route=%2Fwp%2Fv2%2Fcomments&post=319"}],"version-history":[{"count":18,"href":"https:\/\/lerch-prock.de\/index.php?rest_route=\/wp\/v2\/pages\/319\/revisions"}],"predecessor-version":[{"id":388,"href":"https:\/\/lerch-prock.de\/index.php?rest_route=\/wp\/v2\/pages\/319\/revisions\/388"}],"up":[{"embeddable":true,"href":"https:\/\/lerch-prock.de\/index.php?rest_route=\/wp\/v2\/pages\/2"}],"wp:attachment":[{"href":"https:\/\/lerch-prock.de\/index.php?rest_route=%2Fwp%2Fv2%2Fmedia&parent=319"}],"curies":[{"name":"wp","href":"https:\/\/api.w.org\/{rel}","templated":true}]}}